{"id":13341,"date":"2024-11-12T15:18:37","date_gmt":"2024-11-12T14:18:37","guid":{"rendered":"https:\/\/edition-weissenburg.de\/blog\/?page_id=13341"},"modified":"2025-03-13T12:05:26","modified_gmt":"2025-03-13T11:05:26","slug":"matutina-ensemble","status":"publish","type":"page","link":"https:\/\/edition-weissenburg.de\/blog\/?page_id=13341&lang=de","title":{"rendered":"Matutina Ensemble"},"content":{"rendered":"\n<p class=\"Textk\u00f6rper-P-P0\"><span style=\"font-size: inherit;\">Das Matutina-Ensemble Stuttgart wurde im Herbst 2016 von Reinhold Urmetzer mit Studenten der Musikhochschule Stuttgart anl\u00e4sslich der CD-Einspielung seines Tanztheaters \u201eAbfahrende Schiffe\u201c gegr\u00fcndet. Es ist international besetzt und tritt in unterschiedlichen Formationen mit<\/span>&nbsp; <span style=\"font-size: inherit;\">klassischen Instrumenten auf. Die Kerngruppe setzt sich aus Gesang (Mezzo-Sopran, Counter-Tenor und Bariton), sowie Oboe, Geige, Cello und Klavier zusammen.<\/span><\/p>\n<p class=\"Textk\u00f6rper-P-P0\">Seit seiner Gr\u00fcndung kann das Ensemble neben der zweiten CD-Einspielung \u201eSongs of Love and Night\u201c bereits eine rege Auff\u00fchrungspraxis vorweisen, insbesondere im Umkreis von Bildender Kunst, Galerien und Tanz. Plattformen wie AppleMusic oder Spotify streamen Urmetzers Musik international in mehr als 30 L\u00e4nder weltweit.<\/p>\n<p>&nbsp;<\/p>\n\n\n\n<div class=\"wp-block-buttons is-layout-flex wp-block-buttons-is-layout-flex\">\n<div class=\"wp-block-button has-custom-width wp-block-button__width-50\"><a class=\"wp-block-button__link wp-element-button\" href=\"https:\/\/matutinaensemble.bandcamp.com\/\">Unsere Musik kaufen<\/a><\/div>\n\n\n\n<div class=\"wp-block-button has-custom-width wp-block-button__width-50\"><a class=\"wp-block-button__link wp-element-button\" href=\"https:\/\/music-hub.bio\/reinhold-urmetzer\">Unsere Musik streamen<\/a><\/div>\n<\/div>\n\n\n\n\n\n<h2 class=\"wp-block-heading\">Alben (Auswahl)<\/h2>\n\n\n\n<div class=\"wp-block-media-text is-stacked-on-mobile\" style=\"grid-template-columns:35% auto\"><figure class=\"wp-block-media-text__media\"><img loading=\"lazy\" decoding=\"async\" width=\"500\" height=\"500\" src=\"https:\/\/i1.wp.com\/edition-weissenburg.de\/blog\/wp-content\/uploads\/2024\/11\/Bild_2024-11-12_144024889.png?resize=500%2C500&#038;ssl=1\" alt=\"\" class=\"wp-image-13342 size-full\" srcset=\"https:\/\/i1.wp.com\/edition-weissenburg.de\/blog\/wp-content\/uploads\/2024\/11\/Bild_2024-11-12_144024889.png?w=500&amp;ssl=1 500w, https:\/\/i1.wp.com\/edition-weissenburg.de\/blog\/wp-content\/uploads\/2024\/11\/Bild_2024-11-12_144024889.png?resize=300%2C300&amp;ssl=1 300w, https:\/\/i1.wp.com\/edition-weissenburg.de\/blog\/wp-content\/uploads\/2024\/11\/Bild_2024-11-12_144024889.png?resize=150%2C150&amp;ssl=1 150w, https:\/\/i1.wp.com\/edition-weissenburg.de\/blog\/wp-content\/uploads\/2024\/11\/Bild_2024-11-12_144024889.png?resize=160%2C160&amp;ssl=1 160w, https:\/\/i1.wp.com\/edition-weissenburg.de\/blog\/wp-content\/uploads\/2024\/11\/Bild_2024-11-12_144024889.png?resize=320%2C320&amp;ssl=1 320w\" sizes=\"(max-width: 500px) 100vw, 500px\" data-recalc-dims=\"1\" \/><\/figure><div class=\"wp-block-media-text__content\">\n<h3 class=\"wp-block-heading\">Postmodern Tales III<\/h3>\n\n\n\n<p>&#8220;Postmodern Tales&#8221; greift unterschiedliche Musikst\u00fccke aus Vergangenheit und Gegenwart auf und ver\u00e4ndert sie stilistisch. Auch neue und experimentelle Musik finden ihren Weg in diesen Stil, der auf Kurt Weills Idee der epischen Musik basiert. &#8220;Offer to the Vendor&#8221; und &#8220;The Dancing&#8221; sind die Schlussst\u00fccke der beiden Violinsonaten aus den Jahren 1980 und 2024. Die vier \u201eKlavierst\u00fccke\u201c stammen aus dem &#8220;Album f\u00fcr die Jugend&#8221; (1985). Das &#8220;Lamento di Achille&#8221; und &#8220;Gray Area&#8221; entstammen dem Album &#8220;Songs of Love and Night&#8221;.<\/p>\n\n\n\n<div class=\"wp-block-buttons is-layout-flex wp-block-buttons-is-layout-flex\">\n<div class=\"wp-block-button\"><a class=\"wp-block-button__link wp-element-button\" href=\"https:\/\/listen.music-hub.com\/PpbdCY\">Streamen<\/a><\/div>\n<\/div>\n<\/div><\/div>\n\n\n\n<hr class=\"wp-block-separator has-alpha-channel-opacity\"\/>\n\n\n\n<div class=\"wp-block-media-text is-stacked-on-mobile\" style=\"grid-template-columns:35% auto\"><figure class=\"wp-block-media-text__media\"><img loading=\"lazy\" decoding=\"async\" width=\"1400\" height=\"1400\" src=\"https:\/\/i0.wp.com\/edition-weissenburg.de\/blog\/wp-content\/uploads\/2025\/03\/tales-II-1400.png?fit=720%2C720&amp;ssl=1\" alt=\"\" class=\"wp-image-13421 size-full\" srcset=\"https:\/\/i0.wp.com\/edition-weissenburg.de\/blog\/wp-content\/uploads\/2025\/03\/tales-II-1400.png?w=1400&amp;ssl=1 1400w, https:\/\/i0.wp.com\/edition-weissenburg.de\/blog\/wp-content\/uploads\/2025\/03\/tales-II-1400.png?resize=300%2C300&amp;ssl=1 300w, https:\/\/i0.wp.com\/edition-weissenburg.de\/blog\/wp-content\/uploads\/2025\/03\/tales-II-1400.png?resize=1024%2C1024&amp;ssl=1 1024w, https:\/\/i0.wp.com\/edition-weissenburg.de\/blog\/wp-content\/uploads\/2025\/03\/tales-II-1400.png?resize=150%2C150&amp;ssl=1 150w, https:\/\/i0.wp.com\/edition-weissenburg.de\/blog\/wp-content\/uploads\/2025\/03\/tales-II-1400.png?resize=768%2C768&amp;ssl=1 768w, https:\/\/i0.wp.com\/edition-weissenburg.de\/blog\/wp-content\/uploads\/2025\/03\/tales-II-1400.png?resize=160%2C160&amp;ssl=1 160w, https:\/\/i0.wp.com\/edition-weissenburg.de\/blog\/wp-content\/uploads\/2025\/03\/tales-II-1400.png?resize=320%2C320&amp;ssl=1 320w\" sizes=\"(max-width: 720px) 100vw, 720px\" \/><\/figure><div class=\"wp-block-media-text__content\">\n<h3 class=\"wp-block-heading\">Postmodern Tales II<\/h3>\n\n\n\n<p>Die \u201eSongs of Night and Night\u201c entstanden in den Pandemie-Jahren 2020\u20132022 und thematisieren ambivalente Gef\u00fchle wie Trauer, Angst, Krieg und Ruin sowie Heimweh und Sehnsucht. Eingebettet in nostalgische Melodien, die durch \u00fcberraschende Instrumentalpassagen immer wieder unterbrochen werden, erinnern sie an die epische Musik von Kurt Weill und Bert Brecht. F\u00fcr das Matutina Ensemble Stuttgart komponiert und als Kunstlieder interpretiert, entfaltet die Musik vor allem live eine magische Wirkung.<\/p>\n\n\n\n<div class=\"wp-block-buttons is-layout-flex wp-block-buttons-is-layout-flex\">\n<div class=\"wp-block-button\"><a class=\"wp-block-button__link wp-element-button\" href=\"https:\/\/matutinaensemble.bandcamp.com\/album\/postmodern-tales-ii\">Kaufen<\/a><\/div>\n\n\n\n<div class=\"wp-block-button\"><a class=\"wp-block-button__link wp-element-button\" href=\"https:\/\/listen.music-hub.com\/78pp0N\">Streamen<\/a><\/div>\n<\/div>\n<\/div><\/div>\n\n\n\n<hr class=\"wp-block-separator has-alpha-channel-opacity\"\/>\n\n\n\n<div class=\"wp-block-media-text is-stacked-on-mobile\" style=\"grid-template-columns:35% auto\"><figure class=\"wp-block-media-text__media\"><img loading=\"lazy\" decoding=\"async\" width=\"1179\" height=\"1179\" src=\"https:\/\/i0.wp.com\/edition-weissenburg.de\/blog\/wp-content\/uploads\/2024\/11\/Cover-erster-entwurf.png?fit=720%2C720&amp;ssl=1\" alt=\"\" class=\"wp-image-13351 size-full\" srcset=\"https:\/\/i0.wp.com\/edition-weissenburg.de\/blog\/wp-content\/uploads\/2024\/11\/Cover-erster-entwurf.png?w=1179&amp;ssl=1 1179w, https:\/\/i0.wp.com\/edition-weissenburg.de\/blog\/wp-content\/uploads\/2024\/11\/Cover-erster-entwurf.png?resize=300%2C300&amp;ssl=1 300w, https:\/\/i0.wp.com\/edition-weissenburg.de\/blog\/wp-content\/uploads\/2024\/11\/Cover-erster-entwurf.png?resize=1024%2C1024&amp;ssl=1 1024w, https:\/\/i0.wp.com\/edition-weissenburg.de\/blog\/wp-content\/uploads\/2024\/11\/Cover-erster-entwurf.png?resize=150%2C150&amp;ssl=1 150w, https:\/\/i0.wp.com\/edition-weissenburg.de\/blog\/wp-content\/uploads\/2024\/11\/Cover-erster-entwurf.png?resize=768%2C768&amp;ssl=1 768w, https:\/\/i0.wp.com\/edition-weissenburg.de\/blog\/wp-content\/uploads\/2024\/11\/Cover-erster-entwurf.png?resize=160%2C160&amp;ssl=1 160w, https:\/\/i0.wp.com\/edition-weissenburg.de\/blog\/wp-content\/uploads\/2024\/11\/Cover-erster-entwurf.png?resize=320%2C320&amp;ssl=1 320w\" sizes=\"(max-width: 720px) 100vw, 720px\" \/><\/figure><div class=\"wp-block-media-text__content\">\n<h3 class=\"wp-block-heading\">Postmodern Tales I<\/h3>\n\n\n\n<p>Zwei der postmodernen Erz\u00e4hlungen schlie\u00dfen die Violinsonaten Nr. 1 und Nr. 2 aus den Jahren 1997 bzw. 2024 ab. Die beiden anderen Werke f\u00fcr Violine stammen aus den Tanztheatern \u201eDeparting Ships\u201c und \u201eDido Regina\u201c. Die Interpreten \u00c1lvaro Tife (Violine) und Xevi Rubi\u00f3 (Klavier) sind Master-Studierende an der Musikhochschule Stuttgart. Sie kommen aus Bilbao und Barcelona.<\/p>\n\n\n\n<div class=\"wp-block-buttons is-layout-flex wp-block-buttons-is-layout-flex\">\n<div class=\"wp-block-button\"><a class=\"wp-block-button__link wp-element-button\" href=\"https:\/\/matutinaensemble.bandcamp.com\/album\/postmodern-tales-sonata-no-2-for-violin-piano\">Kaufen<\/a><\/div>\n\n\n\n<div class=\"wp-block-button\"><a class=\"wp-block-button__link wp-element-button\" href=\"https:\/\/listen.music-hub.com\/PpbdCY\">Streamen<\/a><\/div>\n<\/div>\n<\/div><\/div>\n\n\n\n<hr class=\"wp-block-separator has-alpha-channel-opacity\"\/>\n\n\n\n<div class=\"wp-block-media-text is-stacked-on-mobile\" style=\"grid-template-columns:35% auto\"><figure class=\"wp-block-media-text__media\"><img loading=\"lazy\" decoding=\"async\" width=\"2363\" height=\"2363\" src=\"https:\/\/i0.wp.com\/edition-weissenburg.de\/blog\/wp-content\/uploads\/2024\/12\/Album-fu_r-die-Jugend-Rafael-2-cover.jpg?fit=720%2C720&amp;ssl=1\" alt=\"\" class=\"wp-image-13389 size-full\" srcset=\"https:\/\/i0.wp.com\/edition-weissenburg.de\/blog\/wp-content\/uploads\/2024\/12\/Album-fu_r-die-Jugend-Rafael-2-cover.jpg?w=2363&amp;ssl=1 2363w, https:\/\/i0.wp.com\/edition-weissenburg.de\/blog\/wp-content\/uploads\/2024\/12\/Album-fu_r-die-Jugend-Rafael-2-cover.jpg?resize=300%2C300&amp;ssl=1 300w, https:\/\/i0.wp.com\/edition-weissenburg.de\/blog\/wp-content\/uploads\/2024\/12\/Album-fu_r-die-Jugend-Rafael-2-cover.jpg?resize=1024%2C1024&amp;ssl=1 1024w, https:\/\/i0.wp.com\/edition-weissenburg.de\/blog\/wp-content\/uploads\/2024\/12\/Album-fu_r-die-Jugend-Rafael-2-cover.jpg?resize=150%2C150&amp;ssl=1 150w, https:\/\/i0.wp.com\/edition-weissenburg.de\/blog\/wp-content\/uploads\/2024\/12\/Album-fu_r-die-Jugend-Rafael-2-cover.jpg?resize=768%2C768&amp;ssl=1 768w, https:\/\/i0.wp.com\/edition-weissenburg.de\/blog\/wp-content\/uploads\/2024\/12\/Album-fu_r-die-Jugend-Rafael-2-cover.jpg?resize=1536%2C1536&amp;ssl=1 1536w, https:\/\/i0.wp.com\/edition-weissenburg.de\/blog\/wp-content\/uploads\/2024\/12\/Album-fu_r-die-Jugend-Rafael-2-cover.jpg?resize=2048%2C2048&amp;ssl=1 2048w, https:\/\/i0.wp.com\/edition-weissenburg.de\/blog\/wp-content\/uploads\/2024\/12\/Album-fu_r-die-Jugend-Rafael-2-cover.jpg?resize=160%2C160&amp;ssl=1 160w, https:\/\/i0.wp.com\/edition-weissenburg.de\/blog\/wp-content\/uploads\/2024\/12\/Album-fu_r-die-Jugend-Rafael-2-cover.jpg?resize=320%2C320&amp;ssl=1 320w, https:\/\/i0.wp.com\/edition-weissenburg.de\/blog\/wp-content\/uploads\/2024\/12\/Album-fu_r-die-Jugend-Rafael-2-cover.jpg?w=1440&amp;ssl=1 1440w, https:\/\/i0.wp.com\/edition-weissenburg.de\/blog\/wp-content\/uploads\/2024\/12\/Album-fu_r-die-Jugend-Rafael-2-cover.jpg?w=2160&amp;ssl=1 2160w\" sizes=\"(max-width: 720px) 100vw, 720px\" \/><\/figure><div class=\"wp-block-media-text__content\">\n<h2 class=\"wp-block-heading\">Album f\u00fcr die Jugend<\/h2>\n\n\n\n<p>Das \u201eAlbum f\u00fcr die Jugend\u201c des deutschen Komponisten Reinhold Urmetzer wurde in den Jahren 1983\u201385 als Erinnerung an Schumanns Klavierst\u00fccke geschrieben. Ob es ein Werk ausschlie\u00dflich f\u00fcr die Jugend oder, in Schumanns Worten, auch f\u00fcr die \u201ejung Gebliebenen\u201c ist, bleibt den Zuh\u00f6rern selbst \u00fcberlassen. Rafael V\u00e9lez ist ein junger mexikanischer Pianist, der in London, Moskau und Paris studierte.<\/p>\n\n\n\n<div class=\"wp-block-buttons is-layout-flex wp-block-buttons-is-layout-flex\">\n<div class=\"wp-block-button\"><a class=\"wp-block-button__link wp-element-button\" href=\"https:\/\/matutinaensemble.bandcamp.com\/album\/album-f-r-die-jugend\">Kaufen<\/a><\/div>\n\n\n\n<div class=\"wp-block-button\"><a class=\"wp-block-button__link wp-element-button\" href=\"https:\/\/listen.music-hub.com\/gR3EEk\">Streamen<\/a><\/div>\n<\/div>\n<\/div><\/div>\n","protected":false},"excerpt":{"rendered":"<p>Das Matutina-Ensemble Stuttgart wurde im Herbst 2016 von Reinhold Urmetzer mit Studenten der Musikhochschule Stuttgart anl\u00e4sslich der CD-Einspielung seines Tanztheaters \u201eAbfahrende Schiffe\u201c gegr\u00fcndet. Es ist international besetzt und tritt in unterschiedlichen Formationen mit&nbsp; klassischen Instrumenten auf. Die Kerngruppe setzt sich aus Gesang (Mezzo-Sopran, Counter-Tenor und Bariton), sowie Oboe, Geige, Cello und Klavier zusammen. Seit seiner Gr\u00fcndung kann das Ensemble neben&#46;&#46;&#46;<\/p>\n","protected":false},"author":1,"featured_media":0,"parent":0,"menu_order":0,"comment_status":"closed","ping_status":"closed","template":"","meta":{"spay_email":"","footnotes":""},"class_list":["post-13341","page","type-page","status-publish","hentry"],"jetpack_shortlink":"https:\/\/wp.me\/P4WFkG-3tb","jetpack_sharing_enabled":true,"_links":{"self":[{"href":"https:\/\/edition-weissenburg.de\/blog\/index.php?rest_route=\/wp\/v2\/pages\/13341"}],"collection":[{"href":"https:\/\/edition-weissenburg.de\/blog\/index.php?rest_route=\/wp\/v2\/pages"}],"about":[{"href":"https:\/\/edition-weissenburg.de\/blog\/index.php?rest_route=\/wp\/v2\/types\/page"}],"author":[{"embeddable":true,"href":"https:\/\/edition-weissenburg.de\/blog\/index.php?rest_route=\/wp\/v2\/users\/1"}],"replies":[{"embeddable":true,"href":"https:\/\/edition-weissenburg.de\/blog\/index.php?rest_route=%2Fwp%2Fv2%2Fcomments&post=13341"}],"version-history":[{"count":11,"href":"https:\/\/edition-weissenburg.de\/blog\/index.php?rest_route=\/wp\/v2\/pages\/13341\/revisions"}],"predecessor-version":[{"id":13469,"href":"https:\/\/edition-weissenburg.de\/blog\/index.php?rest_route=\/wp\/v2\/pages\/13341\/revisions\/13469"}],"wp:attachment":[{"href":"https:\/\/edition-weissenburg.de\/blog\/index.php?rest_route=%2Fwp%2Fv2%2Fmedia&parent=13341"}],"curies":[{"name":"wp","href":"https:\/\/api.w.org\/{rel}","templated":true}]}}